{"id":4423,"date":"2026-08-17T15:19:22","date_gmt":"2026-08-17T13:19:22","guid":{"rendered":"https:\/\/seehof-valbella.ch\/?page_id=4423"},"modified":"2026-08-17T15:30:54","modified_gmt":"2026-08-17T13:30:54","slug":"aktuelles","status":"publish","type":"page","link":"https:\/\/seehof-valbella.ch\/en\/aktuelles\/","title":{"rendered":"Aktuelles"},"content":{"rendered":"\t\t<div data-elementor-type=\"wp-page\" data-elementor-id=\"4423\" class=\"elementor elementor-4423\" data-elementor-post-type=\"page\">\n\t\t\t\t<div class=\"elementor-element elementor-element-995186f e-con-full e-flex e-con e-parent\" data-id=\"995186f\" data-element_type=\"container\" data-e-type=\"container\">\n\t\t<div class=\"elementor-element elementor-element-773c384 e-con-full e-flex e-con e-child\" data-id=\"773c384\" data-element_type=\"container\" data-e-type=\"container\" data-settings=\"{&quot;background_background&quot;:&quot;classic&quot;}\">\n\t\t\t\t<\/div>\n\t\t\t\t<\/div>\n\t\t<div class=\"elementor-element elementor-element-4bfcba7 e-flex e-con-boxed e-con e-parent\" data-id=\"4bfcba7\" data-element_type=\"container\" data-e-type=\"container\" data-settings=\"{&quot;background_background&quot;:&quot;classic&quot;}\">\n\t\t\t\t\t<div class=\"e-con-inner\">\n\t\t\t\t<div class=\"elementor-element elementor-element-81ce2dc jedv-enabled--yes elementor-widget elementor-widget-heading\" data-id=\"81ce2dc\" data-element_type=\"widget\" data-e-type=\"widget\" data-widget_type=\"heading.default\">\n\t\t\t\t<div class=\"elementor-widget-container\">\n\t\t\t\t\t<h1 class=\"elementor-heading-title elementor-size-default\">Aktuelles<\/h1>\t\t\t\t<\/div>\n\t\t\t\t<\/div>\n\t\t\t\t\t<\/div>\n\t\t\t\t<\/div>\n\t\t<div class=\"elementor-element elementor-element-92fe90a e-flex e-con-boxed e-con e-parent\" data-id=\"92fe90a\" data-element_type=\"container\" data-e-type=\"container\" data-settings=\"{&quot;background_background&quot;:&quot;classic&quot;}\">\n\t\t\t\t\t<div class=\"e-con-inner\">\n\t\t\t\t<div class=\"elementor-element elementor-element-4593616 elementor-widget elementor-widget-jet-listing-grid\" data-id=\"4593616\" data-element_type=\"widget\" data-e-type=\"widget\" data-settings=\"{&quot;columns_tablet&quot;:&quot;2&quot;,&quot;columns_mobile&quot;:&quot;1&quot;,&quot;columns&quot;:&quot;3&quot;}\" data-widget_type=\"jet-listing-grid.default\">\n\t\t\t\t<div class=\"elementor-widget-container\">\n\t\t\t\t\t<div class=\"jet-listing-grid jet-listing\"><div class=\"jet-listing-grid__items grid-col-desk-3 grid-col-tablet-2 grid-col-mobile-1 jet-listing-grid--2785 jet-equal-columns__wrapper\" data-queried-id=\"4423|WP_Post\" data-nav=\"{&quot;enabled&quot;:false,&quot;type&quot;:null,&quot;more_el&quot;:null,&quot;query&quot;:[],&quot;widget_settings&quot;:{&quot;lisitng_id&quot;:2785,&quot;posts_num&quot;:6,&quot;columns&quot;:3,&quot;columns_tablet&quot;:2,&quot;columns_mobile&quot;:1,&quot;column_min_width&quot;:240,&quot;column_min_width_tablet&quot;:240,&quot;column_min_width_mobile&quot;:240,&quot;inline_columns_css&quot;:false,&quot;is_archive_template&quot;:&quot;yes&quot;,&quot;post_status&quot;:[&quot;publish&quot;],&quot;use_random_posts_num&quot;:&quot;&quot;,&quot;max_posts_num&quot;:9,&quot;not_found_message&quot;:&quot;Kein Angebot gefunden.&quot;,&quot;is_masonry&quot;:false,&quot;equal_columns_height&quot;:&quot;yes&quot;,&quot;use_load_more&quot;:&quot;&quot;,&quot;load_more_id&quot;:&quot;&quot;,&quot;load_more_type&quot;:&quot;click&quot;,&quot;load_more_offset&quot;:null,&quot;use_custom_post_types&quot;:&quot;&quot;,&quot;custom_post_types&quot;:[],&quot;hide_widget_if&quot;:&quot;&quot;,&quot;carousel_enabled&quot;:&quot;&quot;,&quot;slides_to_scroll&quot;:&quot;1&quot;,&quot;arrows&quot;:&quot;true&quot;,&quot;arrow_icon&quot;:&quot;fa fa-angle-left&quot;,&quot;dots&quot;:&quot;&quot;,&quot;autoplay&quot;:&quot;true&quot;,&quot;pause_on_hover&quot;:&quot;true&quot;,&quot;autoplay_speed&quot;:5000,&quot;infinite&quot;:&quot;true&quot;,&quot;center_mode&quot;:&quot;&quot;,&quot;effect&quot;:&quot;slide&quot;,&quot;speed&quot;:500,&quot;inject_alternative_items&quot;:&quot;&quot;,&quot;injection_items&quot;:[],&quot;scroll_slider_enabled&quot;:&quot;&quot;,&quot;scroll_slider_on&quot;:[&quot;desktop&quot;,&quot;tablet&quot;,&quot;mobile&quot;],&quot;custom_query&quot;:&quot;yes&quot;,&quot;custom_query_id&quot;:&quot;22&quot;,&quot;_element_id&quot;:&quot;&quot;,&quot;collapse_first_last_gap&quot;:false,&quot;list_tag_selection&quot;:&quot;&quot;,&quot;list_items_wrapper_tag&quot;:&quot;div&quot;,&quot;list_item_tag&quot;:&quot;div&quot;,&quot;empty_items_wrapper_tag&quot;:&quot;div&quot;}}\" data-page=\"1\" data-pages=\"2\" data-listing-source=\"query\" data-listing-id=\"2785\" data-query-id=\"22\"><div class=\"jet-listing-grid__item jet-listing-dynamic-post-4400 jet-equal-columns elementor-dcss-10039751183281750\" data-post-id=\"4400\"  ><style type=\"text\/css\">:is( .jet-listing-dynamic-post-4400:not( [class*=\"elementor-dcss-\"] ), .elementor-dcss-10039751183281750 ) .elementor-element.elementor-element-9584a28:not(.elementor-motion-effects-element-type-background), :is( .jet-listing-dynamic-post-4400:not( [class*=\"elementor-dcss-\"] ), .elementor-dcss-10039751183281750 ) .elementor-element.elementor-element-9584a28 > .elementor-motion-effects-container > .elementor-motion-effects-layer{background-image:url(\"https:\/\/seehof-valbella.ch\/wp-content\/uploads\/2026\/08\/Unbenannt.webp\");}<\/style><div class=\"jet-engine-listing-overlay-wrap\" data-url=\"https:\/\/seehof-valbella.ch\/en\/news\/gratwanderung-ueber-piz-danis-und-piz-scalottas-panoramaerlebnis-oberhalb-lenzerheide\/\">\t\t<div data-elementor-type=\"jet-listing-items\" data-elementor-id=\"2785\" class=\"elementor elementor-2785\" data-elementor-post-type=\"jet-engine\">\n\t\t\t\t<div class=\"elementor-element elementor-element-45e2aff e-con-full e-flex elementor-invisible e-con e-parent\" data-id=\"45e2aff\" data-element_type=\"container\" data-e-type=\"container\" data-settings=\"{&quot;animation&quot;:&quot;fadeIn&quot;}\">\n\t\t<div class=\"elementor-element elementor-element-9584a28 e-con-full e-flex e-con e-child\" data-id=\"9584a28\" data-element_type=\"container\" data-e-type=\"container\" data-settings=\"{&quot;background_background&quot;:&quot;classic&quot;}\">\n\t\t\t\t<\/div>\n\t\t<div class=\"elementor-element elementor-element-5ccd948 e-con-full e-flex e-con e-child\" data-id=\"5ccd948\" data-element_type=\"container\" data-e-type=\"container\" data-settings=\"{&quot;background_background&quot;:&quot;classic&quot;}\">\n\t\t<div class=\"elementor-element elementor-element-69edc0d e-con-full e-flex e-con e-child\" data-id=\"69edc0d\" data-element_type=\"container\" data-e-type=\"container\">\n\t\t\t\t<div class=\"elementor-element elementor-element-2391006 elementor-widget elementor-widget-heading\" data-id=\"2391006\" data-element_type=\"widget\" data-e-type=\"widget\" data-widget_type=\"heading.default\">\n\t\t\t\t<div class=\"elementor-widget-container\">\n\t\t\t\t\t<h3 class=\"elementor-heading-title elementor-size-default\">Gratwanderung \u00fcber Piz Danis und Piz Scalottas: Panoramaerlebnis oberhalb Lenzerheide<\/h3>\t\t\t\t<\/div>\n\t\t\t\t<\/div>\n\t\t\t\t<div class=\"elementor-element elementor-element-8ce56a8 elementor-widget elementor-widget-theme-post-excerpt\" data-id=\"8ce56a8\" data-element_type=\"widget\" data-e-type=\"widget\" data-widget_type=\"theme-post-excerpt.default\">\n\t\t\t\t<div class=\"elementor-widget-container\">\n\t\t\t\t\t<p>Dank der Heidb\u00fcelbahn beginnt diese Wanderung bereits mitten in der B\u00fcndner Bergwelt. Nach einem sportlichen Anstieg f\u00fchren aussichtsreiche H\u00f6henwege \u00fcber . . .\t\t\t\t<\/div>\n\t\t\t\t<\/div>\n\t\t\t\t<\/div>\n\t\t\t\t<div class=\"elementor-element elementor-element-45611a8 elementor-widget elementor-widget-button\" data-id=\"45611a8\" data-element_type=\"widget\" data-e-type=\"widget\" data-widget_type=\"button.default\">\n\t\t\t\t<div class=\"elementor-widget-container\">\n\t\t\t\t\t\t\t\t\t<div class=\"elementor-button-wrapper\">\n\t\t\t\t\t<a class=\"elementor-button elementor-button-link elementor-size-sm\" href=\"https:\/\/seehof-valbella.ch\/en\/news\/gratwanderung-ueber-piz-danis-und-piz-scalottas-panoramaerlebnis-oberhalb-lenzerheide\/\">\n\t\t\t\t\t\t<span class=\"elementor-button-content-wrapper\">\n\t\t\t\t\t\t\t\t\t<span class=\"elementor-button-text\">Weiterlesen<\/span>\n\t\t\t\t\t<\/span>\n\t\t\t\t\t<\/a>\n\t\t\t\t<\/div>\n\t\t\t\t\t\t\t\t<\/div>\n\t\t\t\t<\/div>\n\t\t\t\t<\/div>\n\t\t\t\t<\/div>\n\t\t\t\t<\/div>\n\t\t<a href=\"https:\/\/seehof-valbella.ch\/en\/news\/gratwanderung-ueber-piz-danis-und-piz-scalottas-panoramaerlebnis-oberhalb-lenzerheide\/\" class=\"jet-engine-listing-overlay-link\"><\/a><\/div><\/div><div class=\"jet-listing-grid__item jet-listing-dynamic-post-3817 jet-equal-columns elementor-dcss-10039751218056912\" data-post-id=\"3817\"  ><style type=\"text\/css\">:is( .jet-listing-dynamic-post-3817:not( [class*=\"elementor-dcss-\"] ), .elementor-dcss-10039751218056912 ) .elementor-element.elementor-element-9584a28:not(.elementor-motion-effects-element-type-background), :is( .jet-listing-dynamic-post-3817:not( [class*=\"elementor-dcss-\"] ), .elementor-dcss-10039751218056912 ) .elementor-element.elementor-element-9584a28 > .elementor-motion-effects-container > .elementor-motion-effects-layer{background-image:url(\"https:\/\/seehof-valbella.ch\/wp-content\/uploads\/2025\/02\/0B2A4503.webp\");}<\/style><div class=\"jet-engine-listing-overlay-wrap\" data-url=\"https:\/\/seehof-valbella.ch\/en\/news\/jobs\/\">\t\t<div data-elementor-type=\"jet-listing-items\" data-elementor-id=\"2785\" class=\"elementor elementor-2785\" data-elementor-post-type=\"jet-engine\">\n\t\t\t\t<div class=\"elementor-element elementor-element-45e2aff e-con-full e-flex elementor-invisible e-con e-parent\" data-id=\"45e2aff\" data-element_type=\"container\" data-e-type=\"container\" data-settings=\"{&quot;animation&quot;:&quot;fadeIn&quot;}\">\n\t\t<div class=\"elementor-element elementor-element-9584a28 e-con-full e-flex e-con e-child\" data-id=\"9584a28\" data-element_type=\"container\" data-e-type=\"container\" data-settings=\"{&quot;background_background&quot;:&quot;classic&quot;}\">\n\t\t\t\t<\/div>\n\t\t<div class=\"elementor-element elementor-element-5ccd948 e-con-full e-flex e-con e-child\" data-id=\"5ccd948\" data-element_type=\"container\" data-e-type=\"container\" data-settings=\"{&quot;background_background&quot;:&quot;classic&quot;}\">\n\t\t<div class=\"elementor-element elementor-element-69edc0d e-con-full e-flex e-con e-child\" data-id=\"69edc0d\" data-element_type=\"container\" data-e-type=\"container\">\n\t\t\t\t<div class=\"elementor-element elementor-element-2391006 elementor-widget elementor-widget-heading\" data-id=\"2391006\" data-element_type=\"widget\" data-e-type=\"widget\" data-widget_type=\"heading.default\">\n\t\t\t\t<div class=\"elementor-widget-container\">\n\t\t\t\t\t<h3 class=\"elementor-heading-title elementor-size-default\">Jobs<\/h3>\t\t\t\t<\/div>\n\t\t\t\t<\/div>\n\t\t\t\t<div class=\"elementor-element elementor-element-8ce56a8 elementor-widget elementor-widget-theme-post-excerpt\" data-id=\"8ce56a8\" data-element_type=\"widget\" data-e-type=\"widget\" data-widget_type=\"theme-post-excerpt.default\">\n\t\t\t\t<div class=\"elementor-widget-container\">\n\t\t\t\t\t<p>We currently have no open positions. However, we are always interested in meeting motivated people who would like to enrich . . .\t\t\t\t<\/div>\n\t\t\t\t<\/div>\n\t\t\t\t<\/div>\n\t\t\t\t<div class=\"elementor-element elementor-element-45611a8 elementor-widget elementor-widget-button\" data-id=\"45611a8\" data-element_type=\"widget\" data-e-type=\"widget\" data-widget_type=\"button.default\">\n\t\t\t\t<div class=\"elementor-widget-container\">\n\t\t\t\t\t\t\t\t\t<div class=\"elementor-button-wrapper\">\n\t\t\t\t\t<a class=\"elementor-button elementor-button-link elementor-size-sm\" href=\"https:\/\/seehof-valbella.ch\/en\/news\/jobs\/\">\n\t\t\t\t\t\t<span class=\"elementor-button-content-wrapper\">\n\t\t\t\t\t\t\t\t\t<span class=\"elementor-button-text\">Weiterlesen<\/span>\n\t\t\t\t\t<\/span>\n\t\t\t\t\t<\/a>\n\t\t\t\t<\/div>\n\t\t\t\t\t\t\t\t<\/div>\n\t\t\t\t<\/div>\n\t\t\t\t<\/div>\n\t\t\t\t<\/div>\n\t\t\t\t<\/div>\n\t\t<a href=\"https:\/\/seehof-valbella.ch\/en\/news\/jobs\/\" class=\"jet-engine-listing-overlay-link\"><\/a><\/div><\/div><div class=\"jet-listing-grid__item jet-listing-dynamic-post-2356 jet-equal-columns elementor-dcss-10039751260346628\" data-post-id=\"2356\"  ><style type=\"text\/css\">:is( .jet-listing-dynamic-post-2356:not( [class*=\"elementor-dcss-\"] ), .elementor-dcss-10039751260346628 ) .elementor-element.elementor-element-9584a28:not(.elementor-motion-effects-element-type-background), :is( .jet-listing-dynamic-post-2356:not( [class*=\"elementor-dcss-\"] ), .elementor-dcss-10039751260346628 ) .elementor-element.elementor-element-9584a28 > .elementor-motion-effects-container > .elementor-motion-effects-layer{background-image:url(\"https:\/\/seehof-valbella.ch\/wp-content\/uploads\/2025\/06\/R5C_7618.webp\");}<\/style><div class=\"jet-engine-listing-overlay-wrap\" data-url=\"https:\/\/seehof-valbella.ch\/en\/news\/deceleration-at-the-heidsee-at-1500m\/\">\t\t<div data-elementor-type=\"jet-listing-items\" data-elementor-id=\"2785\" class=\"elementor elementor-2785\" data-elementor-post-type=\"jet-engine\">\n\t\t\t\t<div class=\"elementor-element elementor-element-45e2aff e-con-full e-flex elementor-invisible e-con e-parent\" data-id=\"45e2aff\" data-element_type=\"container\" data-e-type=\"container\" data-settings=\"{&quot;animation&quot;:&quot;fadeIn&quot;}\">\n\t\t<div class=\"elementor-element elementor-element-9584a28 e-con-full e-flex e-con e-child\" data-id=\"9584a28\" data-element_type=\"container\" data-e-type=\"container\" data-settings=\"{&quot;background_background&quot;:&quot;classic&quot;}\">\n\t\t\t\t<\/div>\n\t\t<div class=\"elementor-element elementor-element-5ccd948 e-con-full e-flex e-con e-child\" data-id=\"5ccd948\" data-element_type=\"container\" data-e-type=\"container\" data-settings=\"{&quot;background_background&quot;:&quot;classic&quot;}\">\n\t\t<div class=\"elementor-element elementor-element-69edc0d e-con-full e-flex e-con e-child\" data-id=\"69edc0d\" data-element_type=\"container\" data-e-type=\"container\">\n\t\t\t\t<div class=\"elementor-element elementor-element-2391006 elementor-widget elementor-widget-heading\" data-id=\"2391006\" data-element_type=\"widget\" data-e-type=\"widget\" data-widget_type=\"heading.default\">\n\t\t\t\t<div class=\"elementor-widget-container\">\n\t\t\t\t\t<h3 class=\"elementor-heading-title elementor-size-default\">Heidsee<\/h3>\t\t\t\t<\/div>\n\t\t\t\t<\/div>\n\t\t\t\t<div class=\"elementor-element elementor-element-8ce56a8 elementor-widget elementor-widget-theme-post-excerpt\" data-id=\"8ce56a8\" data-element_type=\"widget\" data-e-type=\"widget\" data-widget_type=\"theme-post-excerpt.default\">\n\t\t\t\t<div class=\"elementor-widget-container\">\n\t\t\t\t\t<p>Experience the magic of summer right on the shores of Lake Heidsee at an altitude of 1,500 meters. Whether you&#8217;re . . .\t\t\t\t<\/div>\n\t\t\t\t<\/div>\n\t\t\t\t<\/div>\n\t\t\t\t<div class=\"elementor-element elementor-element-45611a8 elementor-widget elementor-widget-button\" data-id=\"45611a8\" data-element_type=\"widget\" data-e-type=\"widget\" data-widget_type=\"button.default\">\n\t\t\t\t<div class=\"elementor-widget-container\">\n\t\t\t\t\t\t\t\t\t<div class=\"elementor-button-wrapper\">\n\t\t\t\t\t<a class=\"elementor-button elementor-button-link elementor-size-sm\" href=\"https:\/\/seehof-valbella.ch\/en\/news\/deceleration-at-the-heidsee-at-1500m\/\">\n\t\t\t\t\t\t<span class=\"elementor-button-content-wrapper\">\n\t\t\t\t\t\t\t\t\t<span class=\"elementor-button-text\">Weiterlesen<\/span>\n\t\t\t\t\t<\/span>\n\t\t\t\t\t<\/a>\n\t\t\t\t<\/div>\n\t\t\t\t\t\t\t\t<\/div>\n\t\t\t\t<\/div>\n\t\t\t\t<\/div>\n\t\t\t\t<\/div>\n\t\t\t\t<\/div>\n\t\t<a href=\"https:\/\/seehof-valbella.ch\/en\/news\/deceleration-at-the-heidsee-at-1500m\/\" class=\"jet-engine-listing-overlay-link\"><\/a><\/div><\/div><\/div><\/div>\t\t\t\t<\/div>\n\t\t\t\t<\/div>\n\t\t\t\t\t<\/div>\n\t\t\t\t<\/div>\n\t\t\t\t<\/div>\n\t\t","protected":false},"excerpt":{"rendered":"<p>Aktuelles Weiterlesen Weiterlesen Weiterlesen Weiterlesen<\/p>\n","protected":false},"author":3,"featured_media":757,"parent":0,"menu_order":0,"comment_status":"closed","ping_status":"closed","template":"","meta":{"footnotes":""},"class_list":["post-4423","page","type-page","status-publish","has-post-thumbnail","hentry"],"yoast_head":"<!-- This site is optimized with the Yoast SEO plugin v28.4 - https:\/\/yoast.com\/product\/yoast-seo-wordpress\/ -->\n<title>Aktuelles - Seehof Valbella<\/title>\n<meta name=\"robots\" content=\"index, follow, max-snippet:-1, max-image-preview:large, max-video-preview:-1\" \/>\n<link rel=\"canonical\" href=\"https:\/\/seehof-valbella.ch\/aktuelles\/\" \/>\n<meta property=\"og:locale\" content=\"en_US\" \/>\n<meta property=\"og:type\" content=\"article\" \/>\n<meta property=\"og:title\" content=\"Aktuelles - Seehof Valbella\" \/>\n<meta property=\"og:description\" content=\"Aktuelles Weiterlesen Weiterlesen Weiterlesen Weiterlesen\" \/>\n<meta property=\"og:url\" content=\"https:\/\/seehof-valbella.ch\/aktuelles\/\" \/>\n<meta property=\"og:site_name\" content=\"Seehof Valbella\" \/>\n<meta property=\"article:modified_time\" content=\"2026-08-17T13:30:54+00:00\" \/>\n<meta property=\"og:image\" content=\"https:\/\/seehof-valbella.ch\/wp-content\/uploads\/2024\/10\/DJI_0246.webp\" \/>\n\t<meta property=\"og:image:width\" content=\"2000\" \/>\n\t<meta property=\"og:image:height\" content=\"1333\" \/>\n\t<meta property=\"og:image:type\" content=\"image\/webp\" \/>\n<meta name=\"twitter:card\" content=\"summary_large_image\" \/>\n<meta name=\"twitter:label1\" content=\"Est. reading time\" \/>\n\t<meta name=\"twitter:data1\" content=\"1 minute\" \/>\n<script type=\"application\/ld+json\" class=\"yoast-schema-graph\">{\"@context\":\"https:\\\/\\\/schema.org\",\"@graph\":[{\"@type\":\"WebPage\",\"@id\":\"https:\\\/\\\/seehof-valbella.ch\\\/aktuelles\\\/\",\"url\":\"https:\\\/\\\/seehof-valbella.ch\\\/aktuelles\\\/\",\"name\":\"Aktuelles - Seehof Valbella\",\"isPartOf\":{\"@id\":\"https:\\\/\\\/seehof-valbella.ch\\\/#website\"},\"primaryImageOfPage\":{\"@id\":\"https:\\\/\\\/seehof-valbella.ch\\\/aktuelles\\\/#primaryimage\"},\"image\":{\"@id\":\"https:\\\/\\\/seehof-valbella.ch\\\/aktuelles\\\/#primaryimage\"},\"thumbnailUrl\":\"https:\\\/\\\/seehof-valbella.ch\\\/wp-content\\\/uploads\\\/2024\\\/10\\\/DJI_0246.webp\",\"datePublished\":\"2026-08-17T13:19:22+00:00\",\"dateModified\":\"2026-08-17T13:30:54+00:00\",\"breadcrumb\":{\"@id\":\"https:\\\/\\\/seehof-valbella.ch\\\/aktuelles\\\/#breadcrumb\"},\"inLanguage\":\"en-US\",\"potentialAction\":[{\"@type\":\"ReadAction\",\"target\":[\"https:\\\/\\\/seehof-valbella.ch\\\/aktuelles\\\/\"]}]},{\"@type\":\"ImageObject\",\"inLanguage\":\"en-US\",\"@id\":\"https:\\\/\\\/seehof-valbella.ch\\\/aktuelles\\\/#primaryimage\",\"url\":\"https:\\\/\\\/seehof-valbella.ch\\\/wp-content\\\/uploads\\\/2024\\\/10\\\/DJI_0246.webp\",\"contentUrl\":\"https:\\\/\\\/seehof-valbella.ch\\\/wp-content\\\/uploads\\\/2024\\\/10\\\/DJI_0246.webp\",\"width\":2000,\"height\":1333,\"caption\":\"Sommerw\u00e4rme in den Schweizer Bergen\"},{\"@type\":\"BreadcrumbList\",\"@id\":\"https:\\\/\\\/seehof-valbella.ch\\\/aktuelles\\\/#breadcrumb\",\"itemListElement\":[{\"@type\":\"ListItem\",\"position\":1,\"name\":\"Startseite\",\"item\":\"https:\\\/\\\/seehof-valbella.ch\\\/en\\\/\"},{\"@type\":\"ListItem\",\"position\":2,\"name\":\"Aktuelles\"}]},{\"@type\":\"WebSite\",\"@id\":\"https:\\\/\\\/seehof-valbella.ch\\\/#website\",\"url\":\"https:\\\/\\\/seehof-valbella.ch\\\/\",\"name\":\"Seehof Valbella\",\"description\":\"Hotel in Lenzerheide Valbella\",\"publisher\":{\"@id\":\"https:\\\/\\\/seehof-valbella.ch\\\/#organization\"},\"potentialAction\":[{\"@type\":\"SearchAction\",\"target\":{\"@type\":\"EntryPoint\",\"urlTemplate\":\"https:\\\/\\\/seehof-valbella.ch\\\/?s={search_term_string}\"},\"query-input\":{\"@type\":\"PropertyValueSpecification\",\"valueRequired\":true,\"valueName\":\"search_term_string\"}}],\"inLanguage\":\"en-US\"},{\"@type\":\"Organization\",\"@id\":\"https:\\\/\\\/seehof-valbella.ch\\\/#organization\",\"name\":\"Seehof Valbella\",\"url\":\"https:\\\/\\\/seehof-valbella.ch\\\/\",\"logo\":{\"@type\":\"ImageObject\",\"inLanguage\":\"en-US\",\"@id\":\"https:\\\/\\\/seehof-valbella.ch\\\/#\\\/schema\\\/logo\\\/image\\\/\",\"url\":\"https:\\\/\\\/seehof-valbella.ch\\\/wp-content\\\/uploads\\\/2024\\\/10\\\/seehof-logo-sw.svg\",\"contentUrl\":\"https:\\\/\\\/seehof-valbella.ch\\\/wp-content\\\/uploads\\\/2024\\\/10\\\/seehof-logo-sw.svg\",\"width\":621,\"height\":225,\"caption\":\"Seehof Valbella\"},\"image\":{\"@id\":\"https:\\\/\\\/seehof-valbella.ch\\\/#\\\/schema\\\/logo\\\/image\\\/\"}}]}<\/script>\n<!-- \/ Yoast SEO plugin. -->","yoast_head_json":{"title":"Aktuelles - Seehof Valbella","robots":{"index":"index","follow":"follow","max-snippet":"max-snippet:-1","max-image-preview":"max-image-preview:large","max-video-preview":"max-video-preview:-1"},"canonical":"https:\/\/seehof-valbella.ch\/aktuelles\/","og_locale":"en_US","og_type":"article","og_title":"Aktuelles - Seehof Valbella","og_description":"Aktuelles Weiterlesen Weiterlesen Weiterlesen Weiterlesen","og_url":"https:\/\/seehof-valbella.ch\/aktuelles\/","og_site_name":"Seehof Valbella","article_modified_time":"2026-08-17T13:30:54+00:00","og_image":[{"width":2000,"height":1333,"url":"https:\/\/seehof-valbella.ch\/wp-content\/uploads\/2024\/10\/DJI_0246.webp","type":"image\/webp"}],"twitter_card":"summary_large_image","twitter_misc":{"Est. reading time":"1 minute"},"schema":{"@context":"https:\/\/schema.org","@graph":[{"@type":"WebPage","@id":"https:\/\/seehof-valbella.ch\/aktuelles\/","url":"https:\/\/seehof-valbella.ch\/aktuelles\/","name":"Aktuelles - Seehof Valbella","isPartOf":{"@id":"https:\/\/seehof-valbella.ch\/#website"},"primaryImageOfPage":{"@id":"https:\/\/seehof-valbella.ch\/aktuelles\/#primaryimage"},"image":{"@id":"https:\/\/seehof-valbella.ch\/aktuelles\/#primaryimage"},"thumbnailUrl":"https:\/\/seehof-valbella.ch\/wp-content\/uploads\/2024\/10\/DJI_0246.webp","datePublished":"2026-08-17T13:19:22+00:00","dateModified":"2026-08-17T13:30:54+00:00","breadcrumb":{"@id":"https:\/\/seehof-valbella.ch\/aktuelles\/#breadcrumb"},"inLanguage":"en-US","potentialAction":[{"@type":"ReadAction","target":["https:\/\/seehof-valbella.ch\/aktuelles\/"]}]},{"@type":"ImageObject","inLanguage":"en-US","@id":"https:\/\/seehof-valbella.ch\/aktuelles\/#primaryimage","url":"https:\/\/seehof-valbella.ch\/wp-content\/uploads\/2024\/10\/DJI_0246.webp","contentUrl":"https:\/\/seehof-valbella.ch\/wp-content\/uploads\/2024\/10\/DJI_0246.webp","width":2000,"height":1333,"caption":"Sommerw\u00e4rme in den Schweizer Bergen"},{"@type":"BreadcrumbList","@id":"https:\/\/seehof-valbella.ch\/aktuelles\/#breadcrumb","itemListElement":[{"@type":"ListItem","position":1,"name":"Startseite","item":"https:\/\/seehof-valbella.ch\/en\/"},{"@type":"ListItem","position":2,"name":"Aktuelles"}]},{"@type":"WebSite","@id":"https:\/\/seehof-valbella.ch\/#website","url":"https:\/\/seehof-valbella.ch\/","name":"Seehof Valbella","description":"Hotel in Lenzerheide Valbella","publisher":{"@id":"https:\/\/seehof-valbella.ch\/#organization"},"potentialAction":[{"@type":"SearchAction","target":{"@type":"EntryPoint","urlTemplate":"https:\/\/seehof-valbella.ch\/?s={search_term_string}"},"query-input":{"@type":"PropertyValueSpecification","valueRequired":true,"valueName":"search_term_string"}}],"inLanguage":"en-US"},{"@type":"Organization","@id":"https:\/\/seehof-valbella.ch\/#organization","name":"Seehof Valbella","url":"https:\/\/seehof-valbella.ch\/","logo":{"@type":"ImageObject","inLanguage":"en-US","@id":"https:\/\/seehof-valbella.ch\/#\/schema\/logo\/image\/","url":"https:\/\/seehof-valbella.ch\/wp-content\/uploads\/2024\/10\/seehof-logo-sw.svg","contentUrl":"https:\/\/seehof-valbella.ch\/wp-content\/uploads\/2024\/10\/seehof-logo-sw.svg","width":621,"height":225,"caption":"Seehof Valbella"},"image":{"@id":"https:\/\/seehof-valbella.ch\/#\/schema\/logo\/image\/"}}]}},"_links":{"self":[{"href":"https:\/\/seehof-valbella.ch\/en\/wp-json\/wp\/v2\/pages\/4423","targetHints":{"allow":["GET"]}}],"collection":[{"href":"https:\/\/seehof-valbella.ch\/en\/wp-json\/wp\/v2\/pages"}],"about":[{"href":"https:\/\/seehof-valbella.ch\/en\/wp-json\/wp\/v2\/types\/page"}],"author":[{"embeddable":true,"href":"https:\/\/seehof-valbella.ch\/en\/wp-json\/wp\/v2\/users\/3"}],"replies":[{"embeddable":true,"href":"https:\/\/seehof-valbella.ch\/en\/wp-json\/wp\/v2\/comments?post=4423"}],"version-history":[{"count":14,"href":"https:\/\/seehof-valbella.ch\/en\/wp-json\/wp\/v2\/pages\/4423\/revisions"}],"predecessor-version":[{"id":4440,"href":"https:\/\/seehof-valbella.ch\/en\/wp-json\/wp\/v2\/pages\/4423\/revisions\/4440"}],"wp:featuredmedia":[{"embeddable":true,"href":"https:\/\/seehof-valbella.ch\/en\/wp-json\/wp\/v2\/media\/757"}],"wp:attachment":[{"href":"https:\/\/seehof-valbella.ch\/en\/wp-json\/wp\/v2\/media?parent=4423"}],"curies":[{"name":"wp","href":"https:\/\/api.w.org\/{rel}","templated":true}]}}